{"id":329,"date":"2020-07-13T15:00:39","date_gmt":"2020-07-13T15:00:39","guid":{"rendered":"https:\/\/nudeln-und-klopapier.wortgirls.de\/?page_id=329"},"modified":"2020-07-13T15:00:39","modified_gmt":"2020-07-13T15:00:39","slug":"das-gute-im-boesen","status":"publish","type":"page","link":"https:\/\/juk.hmkw.de\/nudeln-und-klopapier\/das-gute-im-boesen\/","title":{"rendered":"Das Gute im B\u00f6sen"},"content":{"rendered":"\n<h5 class=\"has-vivid-red-color has-text-color\">von Julia Bulenda<\/h5>\n\n\n\n<p>Quarant\u00e4nen, Ausgangssperren, geschlossene Grenzen. Die Welt ist im Ausnahmezustand. Das Coronavirus legt das \u00f6ffentliche Leben lahm. Doch gerade in dieser schweren Zeit bietet uns die Pandemie eine Chance zur Selbstreflexion.&nbsp;<\/p>\n\n\n\n<div class=\"wp-container-3 wp-block-columns\">\n<div class=\"wp-container-1 wp-block-column\">\n<p class=\"has-drop-cap\">Aufstehen um kurz nach sechs oder um kurz vor acht? Den ganzen Tag im Anzug oder lieber im Pyjama? L\u00e4stiges Hin- und Herpendeln ins B\u00fcro, oder der Weg vom Schlaf- ins Arbeitszimmer?\u201c, antwortet Vanessa Sell auf die Frage, wie es Ihr im Home-Office ergeht. \u201eMeinetwegen kann das so bleiben\u201c, sagt sie mit einem breiten Grinsen im Gesicht. Die im M\u00e4rz von der Bundesregierung verh\u00e4ngten Kontaktbeschr\u00e4nkungen haben zu einer massiven Verlagerung vom B\u00fcro ins Homeoffice gef\u00fchrt.&nbsp;&nbsp;<\/p>\n\n\n\n<p>Die beweglichen Arbeitszeiten sind ideal daf\u00fcr, sich besser um Eltern, Kinder oder Tiere zu k\u00fcmmern oder um sich anderweitig gemeinschaftlich zu engagieren. Der erzwungene soziale R\u00fcckzug, wenn man pl\u00f6tzlich aus dem Alltag und allen \u201eAutomatismen\u201d rausgezogen werde, kann auch positive Effekte f\u00fcr den Einzelnen haben. Stichwort: Entschleunigung. Wer pl\u00f6tzlich aus seinen permanenten \u201eTo-Do&#8217;s\u201d rauskommt und nicht mehr im Berufsverkehr steht, f\u00fchlt sich entlastet. Werden Ruhe und Konzentration verlangt, bevorzugt Sell klar das Home-Office. Ungest\u00f6rt von ihren Kollegen im B\u00fcro fallen vor allem kreative Aufgaben in den eigenen vier W\u00e4nden leichter als in der Firma. \u201eIch bin im Home-Office viel entspannter und produktiver. Ich kann mir meine Zeit selbst einteilen\u201c, sagt sie. \u201eZwischendurch kann ich den Haushalt erledigen, der abends normalerweise liegen bleibt.\u201c&nbsp;<\/p>\n\n\n\n<p>Vanessa Sell beschreibt sich selbst als Workaholic. Seit vielen Jahren leitet Sie die Buchhaltung einer gro\u00dfen Handelsfirma f\u00fcr Parfum. Viel Freizeit bleibt ihr nicht bei einer Arbeitswoche, die weit mehr als 40 Stunden z\u00e4hlt. Doch das hat sich ge\u00e4ndert.<br>Viele Menschen versuchen so, wie Sell, die gewonnene Zeit zu Hause positiv zu nutzen. Sie r\u00e4umen den Kleiderschrank auf, kochen viel mehr als zuvor, probieren neue Rezepte aus.<\/p>\n\n\n\n<p>Wenn vieles zum Stillstand kommt, ist Zeit, um einmal dar\u00fcber nachzudenken, was wirklich wichtig ist. Im Selbstverst\u00e4ndnis des Alltags geht zu schnell vergessen, sich und andere wertzusch\u00e4tzen. Krisenzeiten wie diese zeigen uns, wie viele Freiheiten wir normalerweise genie\u00dfen k\u00f6nnen. Die Corona Krise lehrt, auch die scheinbar einfachen und nebens\u00e4chlichen Dinge zu w\u00fcrdigen und unsere Priorit\u00e4ten neu zu setzen. Sell hat endlich genug Zeit sich<br><\/p>\n<\/div>\n\n\n\n<div class=\"wp-container-2 wp-block-column\">\n<p>Ihrem Hobby zu widmen. Vorher konnte sie ihr Pferd lediglich einmal im Monat ausf\u00fchren. Aktuell schafft sie es zweimal w\u00f6chentlich auszureiten. \u201eCorona hat uns auch vor Augen gef\u00fchrt, wie kurz die Zeit mit den Menschen sein kann, die du liebst,&nbsp; so die 30-J\u00e4hrige.&nbsp;<\/p>\n\n\n\n<p>Von Balkonkonzerten bis hin zu unz\u00e4hligen freiwilligen Helfern: In Krisenzeiten zeigt sich die Solidarit\u00e4t. Hilfst\u00e4tigkeiten, wie zum Beispiel unter Nachbarn, sind insbesondere w\u00e4hrend Quarant\u00e4ne und Ausgangssperren unverzichtbar und wichtig. Blicken wir \u00fcber kuriose Hamsterk\u00e4ufe einen Moment hinweg, sehen wir vor allem ein Miteinander, das von Zusammenhalt und einem Handeln im Sinne der Gemeinschaft gepr\u00e4gt ist. Auch Psychologe Daniel Wagner h\u00e4lt die Tatsache, dass \u201ewir kollektiv alle da drin stecken\u201d f\u00fcr einen Vorteil in der momentanen Situation. \u201eEs w\u00e4re viel schwieriger, wenn man allein betroffen w\u00e4re. Das w\u00e4re wie Hausarrest. Wenn ich aber wei\u00df, es geht allen so, macht es das leichter.\u201d Die Krise zeigt uns, dass die Idee der Solidarit\u00e4t eben nicht nur eine sch\u00f6ne Vorstellung ist, sondern wirklich zur Realit\u00e4t werden kann.&nbsp;<\/p>\n\n\n\n<p class=\"has-drop-cap\">Eine positive Erkenntnis des Psychologen Wagner ist die konkrete Solidarit\u00e4t, die man aktuell etwa in sozialen Netzwerken beobachten kann. Menschen bieten anderen aus Risikogruppen ihre Hilfe an. \u201eDas ist etwas, wovon wir gesellschaftlich profitieren k\u00f6nnen\u201d, sagt er. Mit der Krise zeigt sich zum Gl\u00fcck auch die Menschlichkeit. Viele begeben sich in freiwillige Quarant\u00e4ne, die zunehmenden Einschr\u00e4nkungen werden aktiv umgesetzt, Hamsterk\u00e4ufe kritisiert, Corona-Partys verurteilt. Unter Hashtags wie #SocialDistancing #StayHomeChallenge #ShutDownGermany #FlattenTheCurve und #WirBleibenZuhause versuchen Nutzerinnen und Nutzer sozialer Medien noch mehr Menschen dazu zu animieren, dem Virus weniger Gelegenheit zur Ausbreitung zu geben.&nbsp;Die Gefahr kann nicht heruntergespielt werden. Dennoch gibt es der Verunsicherung und den negativen Nachrichten etwas Positives entgegensetzen. Wegen der Einschr\u00e4nkungen, die mit dem Virus einhergehen, kommen wir wieder in Kontakt mit unseren Werten &#8211; als Einzelne und als Kollektiv k\u00f6nnen wir aus dem Geschehen lernen und aus der Pandemie gest\u00e4rkt und weiser hervorgehen.&nbsp;<\/p>\n<\/div>\n<\/div>\n","protected":false},"excerpt":{"rendered":"<p>von Julia Bulenda Quarant\u00e4nen, Ausgangssperren, geschlossene Grenzen. Die Welt ist im Ausnahmezustand. Das Coronavirus legt das \u00f6ffentliche Leben lahm. Doch gerade in dieser schweren Zeit bietet uns die Pandemie eine Chance zur Selbstreflexion.&nbsp; Aufstehen um kurz nach sechs oder um kurz vor acht? Den ganzen Tag im Anzug oder lieber im Pyjama? L\u00e4stiges Hin- und &hellip; <\/p>\n<p class=\"link-more\"><a href=\"https:\/\/juk.hmkw.de\/nudeln-und-klopapier\/das-gute-im-boesen\/\" class=\"more-link\"><span class=\"screen-reader-text\">\u201eDas Gute im B\u00f6sen\u201c<\/span> weiterlesen<\/a><\/p>\n","protected":false},"author":3,"featured_media":537,"parent":0,"menu_order":0,"comment_status":"closed","ping_status":"closed","template":"","meta":[],"acf":[],"yoast_head":"<!-- This site is optimized with the Yoast SEO plugin v20.6 - https:\/\/yoast.com\/wordpress\/plugins\/seo\/ -->\n<title>Das Gute im B\u00f6sen - Nudeln &amp; Klopapier<\/title>\n<meta name=\"robots\" content=\"index, follow, max-snippet:-1, max-image-preview:large, max-video-preview:-1\" \/>\n<link rel=\"canonical\" href=\"https:\/\/juk.hmkw.de\/nudeln-und-klopapier\/das-gute-im-boesen\/\" \/>\n<meta property=\"og:locale\" content=\"de_DE\" \/>\n<meta property=\"og:type\" content=\"article\" \/>\n<meta property=\"og:title\" content=\"Das Gute im B\u00f6sen - Nudeln &amp; Klopapier\" \/>\n<meta property=\"og:description\" content=\"von Julia Bulenda Quarant\u00e4nen, Ausgangssperren, geschlossene Grenzen. Die Welt ist im Ausnahmezustand. Das Coronavirus legt das \u00f6ffentliche Leben lahm. Doch gerade in dieser schweren Zeit bietet uns die Pandemie eine Chance zur Selbstreflexion.&nbsp; Aufstehen um kurz nach sechs oder um kurz vor acht? Den ganzen Tag im Anzug oder lieber im Pyjama? L\u00e4stiges Hin- und &hellip; \u201eDas Gute im B\u00f6sen\u201c weiterlesen\" \/>\n<meta property=\"og:url\" content=\"https:\/\/juk.hmkw.de\/nudeln-und-klopapier\/das-gute-im-boesen\/\" \/>\n<meta property=\"og:site_name\" content=\"Nudeln &amp; Klopapier\" \/>\n<meta property=\"og:image\" content=\"https:\/\/juk.hmkw.de\/nudeln-und-klopapier\/wp-content\/uploads\/sites\/6\/2020\/07\/pexels-photo-3957982-e1594988743103.jpeg\" \/>\n\t<meta property=\"og:image:width\" content=\"861\" \/>\n\t<meta property=\"og:image:height\" content=\"802\" \/>\n\t<meta property=\"og:image:type\" content=\"image\/jpeg\" \/>\n<meta name=\"twitter:card\" content=\"summary_large_image\" \/>\n<meta name=\"twitter:label1\" content=\"Gesch\u00e4tzte Lesezeit\" \/>\n\t<meta name=\"twitter:data1\" content=\"4 Minuten\" \/>\n<script type=\"application\/ld+json\" class=\"yoast-schema-graph\">{\"@context\":\"https:\/\/schema.org\",\"@graph\":[{\"@type\":\"WebPage\",\"@id\":\"https:\/\/juk.hmkw.de\/nudeln-und-klopapier\/das-gute-im-boesen\/\",\"url\":\"https:\/\/juk.hmkw.de\/nudeln-und-klopapier\/das-gute-im-boesen\/\",\"name\":\"Das Gute im B\u00f6sen - Nudeln &amp; Klopapier\",\"isPartOf\":{\"@id\":\"https:\/\/juk.hmkw.de\/nudeln-und-klopapier\/#website\"},\"datePublished\":\"2020-07-13T15:00:39+00:00\",\"dateModified\":\"2020-07-13T15:00:39+00:00\",\"breadcrumb\":{\"@id\":\"https:\/\/juk.hmkw.de\/nudeln-und-klopapier\/das-gute-im-boesen\/#breadcrumb\"},\"inLanguage\":\"de-DE\",\"potentialAction\":[{\"@type\":\"ReadAction\",\"target\":[\"https:\/\/juk.hmkw.de\/nudeln-und-klopapier\/das-gute-im-boesen\/\"]}]},{\"@type\":\"BreadcrumbList\",\"@id\":\"https:\/\/juk.hmkw.de\/nudeln-und-klopapier\/das-gute-im-boesen\/#breadcrumb\",\"itemListElement\":[{\"@type\":\"ListItem\",\"position\":1,\"name\":\"Startseite\",\"item\":\"https:\/\/juk.hmkw.de\/nudeln-und-klopapier\/\"},{\"@type\":\"ListItem\",\"position\":2,\"name\":\"Das Gute im B\u00f6sen\"}]},{\"@type\":\"WebSite\",\"@id\":\"https:\/\/juk.hmkw.de\/nudeln-und-klopapier\/#website\",\"url\":\"https:\/\/juk.hmkw.de\/nudeln-und-klopapier\/\",\"name\":\"Nudeln &amp; Klopapier\",\"description\":\"Alles, was du f\u00fcr dein Zoomester brauchst!\",\"publisher\":{\"@id\":\"https:\/\/juk.hmkw.de\/nudeln-und-klopapier\/#organization\"},\"potentialAction\":[{\"@type\":\"SearchAction\",\"target\":{\"@type\":\"EntryPoint\",\"urlTemplate\":\"https:\/\/juk.hmkw.de\/nudeln-und-klopapier\/?s={search_term_string}\"},\"query-input\":\"required name=search_term_string\"}],\"inLanguage\":\"de-DE\"},{\"@type\":\"Organization\",\"@id\":\"https:\/\/juk.hmkw.de\/nudeln-und-klopapier\/#organization\",\"name\":\"Nudeln &amp; Klopapier\",\"url\":\"https:\/\/juk.hmkw.de\/nudeln-und-klopapier\/\",\"logo\":{\"@type\":\"ImageObject\",\"inLanguage\":\"de-DE\",\"@id\":\"https:\/\/juk.hmkw.de\/nudeln-und-klopapier\/#\/schema\/logo\/image\/\",\"url\":\"https:\/\/juk.hmkw.de\/nudeln-und-klopapier\/wp-content\/uploads\/sites\/6\/2020\/07\/cropped-final_logo_pure@2x-1.png\",\"contentUrl\":\"https:\/\/juk.hmkw.de\/nudeln-und-klopapier\/wp-content\/uploads\/sites\/6\/2020\/07\/cropped-final_logo_pure@2x-1.png\",\"width\":250,\"height\":250,\"caption\":\"Nudeln &amp; Klopapier\"},\"image\":{\"@id\":\"https:\/\/juk.hmkw.de\/nudeln-und-klopapier\/#\/schema\/logo\/image\/\"}}]}<\/script>\n<!-- \/ Yoast SEO plugin. -->","yoast_head_json":{"title":"Das Gute im B\u00f6sen - Nudeln &amp; Klopapier","robots":{"index":"index","follow":"follow","max-snippet":"max-snippet:-1","max-image-preview":"max-image-preview:large","max-video-preview":"max-video-preview:-1"},"canonical":"https:\/\/juk.hmkw.de\/nudeln-und-klopapier\/das-gute-im-boesen\/","og_locale":"de_DE","og_type":"article","og_title":"Das Gute im B\u00f6sen - Nudeln &amp; Klopapier","og_description":"von Julia Bulenda Quarant\u00e4nen, Ausgangssperren, geschlossene Grenzen. Die Welt ist im Ausnahmezustand. Das Coronavirus legt das \u00f6ffentliche Leben lahm. Doch gerade in dieser schweren Zeit bietet uns die Pandemie eine Chance zur Selbstreflexion.&nbsp; Aufstehen um kurz nach sechs oder um kurz vor acht? Den ganzen Tag im Anzug oder lieber im Pyjama? L\u00e4stiges Hin- und &hellip; \u201eDas Gute im B\u00f6sen\u201c weiterlesen","og_url":"https:\/\/juk.hmkw.de\/nudeln-und-klopapier\/das-gute-im-boesen\/","og_site_name":"Nudeln &amp; Klopapier","og_image":[{"width":861,"height":802,"url":"https:\/\/juk.hmkw.de\/nudeln-und-klopapier\/wp-content\/uploads\/sites\/6\/2020\/07\/pexels-photo-3957982-e1594988743103.jpeg","type":"image\/jpeg"}],"twitter_card":"summary_large_image","twitter_misc":{"Gesch\u00e4tzte Lesezeit":"4 Minuten"},"schema":{"@context":"https:\/\/schema.org","@graph":[{"@type":"WebPage","@id":"https:\/\/juk.hmkw.de\/nudeln-und-klopapier\/das-gute-im-boesen\/","url":"https:\/\/juk.hmkw.de\/nudeln-und-klopapier\/das-gute-im-boesen\/","name":"Das Gute im B\u00f6sen - Nudeln &amp; Klopapier","isPartOf":{"@id":"https:\/\/juk.hmkw.de\/nudeln-und-klopapier\/#website"},"datePublished":"2020-07-13T15:00:39+00:00","dateModified":"2020-07-13T15:00:39+00:00","breadcrumb":{"@id":"https:\/\/juk.hmkw.de\/nudeln-und-klopapier\/das-gute-im-boesen\/#breadcrumb"},"inLanguage":"de-DE","potentialAction":[{"@type":"ReadAction","target":["https:\/\/juk.hmkw.de\/nudeln-und-klopapier\/das-gute-im-boesen\/"]}]},{"@type":"BreadcrumbList","@id":"https:\/\/juk.hmkw.de\/nudeln-und-klopapier\/das-gute-im-boesen\/#breadcrumb","itemListElement":[{"@type":"ListItem","position":1,"name":"Startseite","item":"https:\/\/juk.hmkw.de\/nudeln-und-klopapier\/"},{"@type":"ListItem","position":2,"name":"Das Gute im B\u00f6sen"}]},{"@type":"WebSite","@id":"https:\/\/juk.hmkw.de\/nudeln-und-klopapier\/#website","url":"https:\/\/juk.hmkw.de\/nudeln-und-klopapier\/","name":"Nudeln &amp; Klopapier","description":"Alles, was du f\u00fcr dein Zoomester brauchst!","publisher":{"@id":"https:\/\/juk.hmkw.de\/nudeln-und-klopapier\/#organization"},"potentialAction":[{"@type":"SearchAction","target":{"@type":"EntryPoint","urlTemplate":"https:\/\/juk.hmkw.de\/nudeln-und-klopapier\/?s={search_term_string}"},"query-input":"required name=search_term_string"}],"inLanguage":"de-DE"},{"@type":"Organization","@id":"https:\/\/juk.hmkw.de\/nudeln-und-klopapier\/#organization","name":"Nudeln &amp; Klopapier","url":"https:\/\/juk.hmkw.de\/nudeln-und-klopapier\/","logo":{"@type":"ImageObject","inLanguage":"de-DE","@id":"https:\/\/juk.hmkw.de\/nudeln-und-klopapier\/#\/schema\/logo\/image\/","url":"https:\/\/juk.hmkw.de\/nudeln-und-klopapier\/wp-content\/uploads\/sites\/6\/2020\/07\/cropped-final_logo_pure@2x-1.png","contentUrl":"https:\/\/juk.hmkw.de\/nudeln-und-klopapier\/wp-content\/uploads\/sites\/6\/2020\/07\/cropped-final_logo_pure@2x-1.png","width":250,"height":250,"caption":"Nudeln &amp; Klopapier"},"image":{"@id":"https:\/\/juk.hmkw.de\/nudeln-und-klopapier\/#\/schema\/logo\/image\/"}}]}},"_links":{"self":[{"href":"https:\/\/juk.hmkw.de\/nudeln-und-klopapier\/wp-json\/wp\/v2\/pages\/329"}],"collection":[{"href":"https:\/\/juk.hmkw.de\/nudeln-und-klopapier\/wp-json\/wp\/v2\/pages"}],"about":[{"href":"https:\/\/juk.hmkw.de\/nudeln-und-klopapier\/wp-json\/wp\/v2\/types\/page"}],"author":[{"embeddable":true,"href":"https:\/\/juk.hmkw.de\/nudeln-und-klopapier\/wp-json\/wp\/v2\/users\/3"}],"replies":[{"embeddable":true,"href":"https:\/\/juk.hmkw.de\/nudeln-und-klopapier\/wp-json\/wp\/v2\/comments?post=329"}],"version-history":[{"count":0,"href":"https:\/\/juk.hmkw.de\/nudeln-und-klopapier\/wp-json\/wp\/v2\/pages\/329\/revisions"}],"wp:featuredmedia":[{"embeddable":true,"href":"https:\/\/juk.hmkw.de\/nudeln-und-klopapier\/wp-json\/wp\/v2\/media\/537"}],"wp:attachment":[{"href":"https:\/\/juk.hmkw.de\/nudeln-und-klopapier\/wp-json\/wp\/v2\/media?parent=329"}],"curies":[{"name":"wp","href":"https:\/\/api.w.org\/{rel}","templated":true}]}}