{"id":300,"date":"2020-07-13T15:26:02","date_gmt":"2020-07-13T15:26:02","guid":{"rendered":"https:\/\/nudeln-und-klopapier.wortgirls.de\/?page_id=300"},"modified":"2020-07-13T15:26:02","modified_gmt":"2020-07-13T15:26:02","slug":"solidaritaet-in-der-krise","status":"publish","type":"page","link":"https:\/\/juk.hmkw.de\/nudeln-und-klopapier\/solidaritaet-in-der-krise\/","title":{"rendered":"Solidarit\u00e4t in der Krise"},"content":{"rendered":"\n<h5 class=\"has-vivid-red-color has-text-color\">von Lilli Verbeek<\/h5>\n\n\n\n<p>Corona versch\u00e4rft f\u00fcr viele Menschen die Probleme des Alltags: Wie Bed\u00fcrftige auf Hilfe hoffen und Leute jeglicher Schichten und Altersgruppen zusammenkommen, um gemeinsam anzupacken.<\/p>\n\n\n\n<div class=\"wp-container-3 wp-block-columns\">\n<div class=\"wp-container-1 wp-block-column\">\n<p class=\"has-drop-cap\">Der Hausflur ist dunkel, die T\u00fcr \u00f6ffnet sich nur einen ganz kleinen Spalt. Die \u00e4ltere Dame wirft einen Blick auf die Frau, die geklingelt hat. \u201eWas wollen Sie?\u201c, fragt sie \u00e4ngstlich, abweisend. Sie ist sich unsicher, ob sie den Spalt weiter \u00f6ffnen soll. Dabei m\u00f6chte die junge Frau nur ihre Hilfe anbieten. Sie geht einkaufen und fragt, ob sie ihrer 70-j\u00e4hrigen Nachbarin einen Gefallen tun kann. Die T\u00fcr knallt zu. Das Misstrauen der alten Dame siegt.<\/p>\n\n\n\n<p>Die letzten Monate waren nicht einfach. F\u00fcr niemanden. Die schnelle Ausbreitung des Corona-Virus hat massive Probleme und Ver\u00e4nderungen hervorgerufen. Menschen ab 60 Jahren z\u00e4hlen als besonders gef\u00e4hrdet zur Risikogruppe.&nbsp;\u201eIch glaube nur, dass viele \u00e4ltere Menschen zu stolz sind, um um Hilfe zu bitten\u201c, berichtet Christina. Die 21 j\u00e4hrige Studentin hat mittlerweile mehrmals f\u00fcr ihre \u00e4ltere Nachbarin Besorgungen erledigt. \u201eIch musste sie nahezu \u00fcberreden! Hilfsbed\u00fcrftig zu sein ist f\u00fcr Niemanden ein gutes Gef\u00fchl, aber Sicherheit geht nun einmal vor.\u201c Viele Menschen haben gro\u00dfe Hemmungen, Fremde um Unterst\u00fctzung zu bitten. Sie sind mit der neuen Situation extrem \u00fcberfordert.&nbsp;<\/p>\n\n\n\n<p>Zum Gl\u00fcck gibt es Leute wie Noah Adler. Noah ist Sch\u00fcler in der elften Klasse und kommt aus Berlin. Er sieht in seiner schulfreien Zeit die Chance, etwas f\u00fcr die Gemeinschaft zu tun. \u201eNachdem ich Mitte M\u00e4rz erfahren habe, dass die Schulen schlie\u00dfen, stellte ich mir die Frage: Wie verbringe ich meine Zeit?\u201c, erz\u00e4hlt er. \u201eIch wollte die bereits vorhandenen Facebook- Gruppen und Angebote systematisieren und ordnen. So setzte ich meine eigene Webseite auf.\u201c Mit zwei Spalten einer Wordtabelle. Unterteilt in Leute, die suchen, und welche, die ihre Hilfe anbieten. Coronaport ging am n\u00e4chsten Morgen online. Das \u00f6ffentliche Interesse kam kurz danach. Verschiedene Zeitungen fragten gespannt nach Interviews.&nbsp;<\/p>\n\n\n\n<p>Das Prinzip ist einfach. Wie bei einem interaktiven Telefonbuch zeigt eine Karte die registrierten Helfer. Wer Hilfe ben\u00f6tigt, kann diese dann privat kontaktieren. \u201eVon Teenagern bis ins Rentenalter sind beide Seiten reichlich vertreten. Ungef\u00e4hr 6000 Helfer sind alleine in Berlin angemeldet\u201c, so beschreibt Noah die Altersgruppen. Zu den <\/p>\n<\/div>\n\n\n\n<div class=\"wp-container-2 wp-block-column\">\n<p> Angeboten z\u00e4hlen Kinderbetreuung, IT-Nachhilfe oder Eink\u00e4ufe \u00fcbernehmen. Was aber bringt die Zukunft? \u201eLetztendlich muss man immer schauen, dass alles zweckm\u00e4\u00dfig bleibt. Die Lage entspannt sich gerade, trotzdem m\u00f6chte ich in Zukunft, wenn die Nachfrage wieder steigt, die Seite weiter ausbauen.\u201c Umso beeindruckender, dass viele gemeinn\u00fctzige Vereine ihre Hilfe anbieten und als Gemeinschaft anpacken. Die 2013 gegr\u00fcndete Obdachlosenhilfe Berlin e.V. unterst\u00fctzt Woche f\u00fcr Woche Obdachlose. Mit Gabenz\u00e4unen, einer eigens eingerichteten Hotline, Ausgabe von Essen oder einer kleinen Geldspende. Mittwoch, Samstag und Sonntag verteilt jetzt jedoch nur noch das Kernteam warme Gerichte und Kleidung.&nbsp;<\/p>\n\n\n\n<p>\u201eDie Situation der Ausgangssperre war h\u00e4ufig belastend und viele Familien konnten die Unterst\u00fctzung, die sonst durch Sonderp\u00e4dagogen und spezielle Einrichtungen geleistet wurde, nicht im gleichen Ma\u00dfe ersetzen\u201c, erz\u00e4hlt Lisa H\u00f6lzl. Sie macht ein Freiwilliges Soziales Jahr in einer Einrichtung, die Menschen mit geistiger Behinderung und deren Angeh\u00f6rige im Alltag unterst\u00fctzt. \u201eDurch Corona hat sich eigentlich alles ver\u00e4ndert. Der Schulunterricht ist von dem einen auf den anderen Tag ausgefallen und das f\u00fcr einen l\u00e4ngeren Zeitraum, als erwartet.\u201c&nbsp;<\/p>\n\n\n\n<p class=\"has-drop-cap\">Trotzdem sagt sie: \u201eBesonders sch\u00f6n zu h\u00f6ren war es, wie viele Studenten sich bei der Tafel gemeldet haben. Obwohl die meisten mit ihrem Studium alle H\u00e4nde voll zu tun hatten. Besonders soziales Engagement an Stellen, an denen man es nicht gleich erwarten w\u00fcrde, finde ich sehr bewundernswert. Das war f\u00fcr mich eine sch\u00f6ne Botschaft in einer Zeit, in der doch die negativen Nachrichten \u00fcberwogen.\u201c&nbsp;Auch Christina gibt ihren guten Vorsatz nicht auf und klingelt erneut bei der misstrauischen Nachbarin. Wieder \u00f6ffnet sich die T\u00fcr nur einen Spalt weit. \u201eSie schon wieder!\u201c, sagt die Dame. Jedoch schon freundlicher. Christina hat in den letzten Wochen oft das Gespr\u00e4ch gesucht. Gerade als sich die T\u00fcr wieder langsam schlie\u00dft, schiebt die Seniorin eine kleine Geldb\u00f6rse durch den Schlitz. \u201eGerne ein paar Br\u00f6tchen und Milch!\u201c So schafft es Christina doch noch, der Dame ein L\u00e4cheln auf die Lippen zu zaubern.<\/p>\n<\/div>\n<\/div>\n","protected":false},"excerpt":{"rendered":"<p>von Lilli Verbeek Corona versch\u00e4rft f\u00fcr viele Menschen die Probleme des Alltags: Wie Bed\u00fcrftige auf Hilfe hoffen und Leute jeglicher Schichten und Altersgruppen zusammenkommen, um gemeinsam anzupacken. Der Hausflur ist dunkel, die T\u00fcr \u00f6ffnet sich nur einen ganz kleinen Spalt. Die \u00e4ltere Dame wirft einen Blick auf die Frau, die geklingelt hat. \u201eWas wollen Sie?\u201c, &hellip; <\/p>\n<p class=\"link-more\"><a href=\"https:\/\/juk.hmkw.de\/nudeln-und-klopapier\/solidaritaet-in-der-krise\/\" class=\"more-link\"><span class=\"screen-reader-text\">\u201eSolidarit\u00e4t in der Krise\u201c<\/span> weiterlesen<\/a><\/p>\n","protected":false},"author":3,"featured_media":378,"parent":0,"menu_order":0,"comment_status":"closed","ping_status":"closed","template":"","meta":[],"acf":[],"yoast_head":"<!-- This site is optimized with the Yoast SEO plugin v20.6 - https:\/\/yoast.com\/wordpress\/plugins\/seo\/ -->\n<title>Solidarit\u00e4t in der Krise - Nudeln &amp; Klopapier<\/title>\n<meta name=\"robots\" content=\"index, follow, max-snippet:-1, max-image-preview:large, max-video-preview:-1\" \/>\n<link rel=\"canonical\" href=\"https:\/\/juk.hmkw.de\/nudeln-und-klopapier\/solidaritaet-in-der-krise\/\" \/>\n<meta property=\"og:locale\" content=\"de_DE\" \/>\n<meta property=\"og:type\" content=\"article\" \/>\n<meta property=\"og:title\" content=\"Solidarit\u00e4t in der Krise - Nudeln &amp; Klopapier\" \/>\n<meta property=\"og:description\" content=\"von Lilli Verbeek Corona versch\u00e4rft f\u00fcr viele Menschen die Probleme des Alltags: Wie Bed\u00fcrftige auf Hilfe hoffen und Leute jeglicher Schichten und Altersgruppen zusammenkommen, um gemeinsam anzupacken. Der Hausflur ist dunkel, die T\u00fcr \u00f6ffnet sich nur einen ganz kleinen Spalt. Die \u00e4ltere Dame wirft einen Blick auf die Frau, die geklingelt hat. \u201eWas wollen Sie?\u201c, &hellip; \u201eSolidarit\u00e4t in der Krise\u201c weiterlesen\" \/>\n<meta property=\"og:url\" content=\"https:\/\/juk.hmkw.de\/nudeln-und-klopapier\/solidaritaet-in-der-krise\/\" \/>\n<meta property=\"og:site_name\" content=\"Nudeln &amp; Klopapier\" \/>\n<meta property=\"og:image\" content=\"https:\/\/juk.hmkw.de\/nudeln-und-klopapier\/wp-content\/uploads\/sites\/6\/2020\/07\/Gabenzaun.jpg\" \/>\n\t<meta property=\"og:image:width\" content=\"1200\" \/>\n\t<meta property=\"og:image:height\" content=\"800\" \/>\n\t<meta property=\"og:image:type\" content=\"image\/jpeg\" \/>\n<meta name=\"twitter:card\" content=\"summary_large_image\" \/>\n<meta name=\"twitter:label1\" content=\"Gesch\u00e4tzte Lesezeit\" \/>\n\t<meta name=\"twitter:data1\" content=\"4 Minuten\" \/>\n<script type=\"application\/ld+json\" class=\"yoast-schema-graph\">{\"@context\":\"https:\/\/schema.org\",\"@graph\":[{\"@type\":\"WebPage\",\"@id\":\"https:\/\/juk.hmkw.de\/nudeln-und-klopapier\/solidaritaet-in-der-krise\/\",\"url\":\"https:\/\/juk.hmkw.de\/nudeln-und-klopapier\/solidaritaet-in-der-krise\/\",\"name\":\"Solidarit\u00e4t in der Krise - Nudeln &amp; Klopapier\",\"isPartOf\":{\"@id\":\"https:\/\/juk.hmkw.de\/nudeln-und-klopapier\/#website\"},\"datePublished\":\"2020-07-13T15:26:02+00:00\",\"dateModified\":\"2020-07-13T15:26:02+00:00\",\"breadcrumb\":{\"@id\":\"https:\/\/juk.hmkw.de\/nudeln-und-klopapier\/solidaritaet-in-der-krise\/#breadcrumb\"},\"inLanguage\":\"de-DE\",\"potentialAction\":[{\"@type\":\"ReadAction\",\"target\":[\"https:\/\/juk.hmkw.de\/nudeln-und-klopapier\/solidaritaet-in-der-krise\/\"]}]},{\"@type\":\"BreadcrumbList\",\"@id\":\"https:\/\/juk.hmkw.de\/nudeln-und-klopapier\/solidaritaet-in-der-krise\/#breadcrumb\",\"itemListElement\":[{\"@type\":\"ListItem\",\"position\":1,\"name\":\"Startseite\",\"item\":\"https:\/\/juk.hmkw.de\/nudeln-und-klopapier\/\"},{\"@type\":\"ListItem\",\"position\":2,\"name\":\"Solidarit\u00e4t in der Krise\"}]},{\"@type\":\"WebSite\",\"@id\":\"https:\/\/juk.hmkw.de\/nudeln-und-klopapier\/#website\",\"url\":\"https:\/\/juk.hmkw.de\/nudeln-und-klopapier\/\",\"name\":\"Nudeln &amp; Klopapier\",\"description\":\"Alles, was du f\u00fcr dein Zoomester brauchst!\",\"publisher\":{\"@id\":\"https:\/\/juk.hmkw.de\/nudeln-und-klopapier\/#organization\"},\"potentialAction\":[{\"@type\":\"SearchAction\",\"target\":{\"@type\":\"EntryPoint\",\"urlTemplate\":\"https:\/\/juk.hmkw.de\/nudeln-und-klopapier\/?s={search_term_string}\"},\"query-input\":\"required name=search_term_string\"}],\"inLanguage\":\"de-DE\"},{\"@type\":\"Organization\",\"@id\":\"https:\/\/juk.hmkw.de\/nudeln-und-klopapier\/#organization\",\"name\":\"Nudeln &amp; Klopapier\",\"url\":\"https:\/\/juk.hmkw.de\/nudeln-und-klopapier\/\",\"logo\":{\"@type\":\"ImageObject\",\"inLanguage\":\"de-DE\",\"@id\":\"https:\/\/juk.hmkw.de\/nudeln-und-klopapier\/#\/schema\/logo\/image\/\",\"url\":\"https:\/\/juk.hmkw.de\/nudeln-und-klopapier\/wp-content\/uploads\/sites\/6\/2020\/07\/cropped-final_logo_pure@2x-1.png\",\"contentUrl\":\"https:\/\/juk.hmkw.de\/nudeln-und-klopapier\/wp-content\/uploads\/sites\/6\/2020\/07\/cropped-final_logo_pure@2x-1.png\",\"width\":250,\"height\":250,\"caption\":\"Nudeln &amp; Klopapier\"},\"image\":{\"@id\":\"https:\/\/juk.hmkw.de\/nudeln-und-klopapier\/#\/schema\/logo\/image\/\"}}]}<\/script>\n<!-- \/ Yoast SEO plugin. -->","yoast_head_json":{"title":"Solidarit\u00e4t in der Krise - Nudeln &amp; Klopapier","robots":{"index":"index","follow":"follow","max-snippet":"max-snippet:-1","max-image-preview":"max-image-preview:large","max-video-preview":"max-video-preview:-1"},"canonical":"https:\/\/juk.hmkw.de\/nudeln-und-klopapier\/solidaritaet-in-der-krise\/","og_locale":"de_DE","og_type":"article","og_title":"Solidarit\u00e4t in der Krise - Nudeln &amp; Klopapier","og_description":"von Lilli Verbeek Corona versch\u00e4rft f\u00fcr viele Menschen die Probleme des Alltags: Wie Bed\u00fcrftige auf Hilfe hoffen und Leute jeglicher Schichten und Altersgruppen zusammenkommen, um gemeinsam anzupacken. Der Hausflur ist dunkel, die T\u00fcr \u00f6ffnet sich nur einen ganz kleinen Spalt. Die \u00e4ltere Dame wirft einen Blick auf die Frau, die geklingelt hat. \u201eWas wollen Sie?\u201c, &hellip; \u201eSolidarit\u00e4t in der Krise\u201c weiterlesen","og_url":"https:\/\/juk.hmkw.de\/nudeln-und-klopapier\/solidaritaet-in-der-krise\/","og_site_name":"Nudeln &amp; Klopapier","og_image":[{"width":1200,"height":800,"url":"https:\/\/juk.hmkw.de\/nudeln-und-klopapier\/wp-content\/uploads\/sites\/6\/2020\/07\/Gabenzaun.jpg","type":"image\/jpeg"}],"twitter_card":"summary_large_image","twitter_misc":{"Gesch\u00e4tzte Lesezeit":"4 Minuten"},"schema":{"@context":"https:\/\/schema.org","@graph":[{"@type":"WebPage","@id":"https:\/\/juk.hmkw.de\/nudeln-und-klopapier\/solidaritaet-in-der-krise\/","url":"https:\/\/juk.hmkw.de\/nudeln-und-klopapier\/solidaritaet-in-der-krise\/","name":"Solidarit\u00e4t in der Krise - Nudeln &amp; Klopapier","isPartOf":{"@id":"https:\/\/juk.hmkw.de\/nudeln-und-klopapier\/#website"},"datePublished":"2020-07-13T15:26:02+00:00","dateModified":"2020-07-13T15:26:02+00:00","breadcrumb":{"@id":"https:\/\/juk.hmkw.de\/nudeln-und-klopapier\/solidaritaet-in-der-krise\/#breadcrumb"},"inLanguage":"de-DE","potentialAction":[{"@type":"ReadAction","target":["https:\/\/juk.hmkw.de\/nudeln-und-klopapier\/solidaritaet-in-der-krise\/"]}]},{"@type":"BreadcrumbList","@id":"https:\/\/juk.hmkw.de\/nudeln-und-klopapier\/solidaritaet-in-der-krise\/#breadcrumb","itemListElement":[{"@type":"ListItem","position":1,"name":"Startseite","item":"https:\/\/juk.hmkw.de\/nudeln-und-klopapier\/"},{"@type":"ListItem","position":2,"name":"Solidarit\u00e4t in der Krise"}]},{"@type":"WebSite","@id":"https:\/\/juk.hmkw.de\/nudeln-und-klopapier\/#website","url":"https:\/\/juk.hmkw.de\/nudeln-und-klopapier\/","name":"Nudeln &amp; Klopapier","description":"Alles, was du f\u00fcr dein Zoomester brauchst!","publisher":{"@id":"https:\/\/juk.hmkw.de\/nudeln-und-klopapier\/#organization"},"potentialAction":[{"@type":"SearchAction","target":{"@type":"EntryPoint","urlTemplate":"https:\/\/juk.hmkw.de\/nudeln-und-klopapier\/?s={search_term_string}"},"query-input":"required name=search_term_string"}],"inLanguage":"de-DE"},{"@type":"Organization","@id":"https:\/\/juk.hmkw.de\/nudeln-und-klopapier\/#organization","name":"Nudeln &amp; Klopapier","url":"https:\/\/juk.hmkw.de\/nudeln-und-klopapier\/","logo":{"@type":"ImageObject","inLanguage":"de-DE","@id":"https:\/\/juk.hmkw.de\/nudeln-und-klopapier\/#\/schema\/logo\/image\/","url":"https:\/\/juk.hmkw.de\/nudeln-und-klopapier\/wp-content\/uploads\/sites\/6\/2020\/07\/cropped-final_logo_pure@2x-1.png","contentUrl":"https:\/\/juk.hmkw.de\/nudeln-und-klopapier\/wp-content\/uploads\/sites\/6\/2020\/07\/cropped-final_logo_pure@2x-1.png","width":250,"height":250,"caption":"Nudeln &amp; Klopapier"},"image":{"@id":"https:\/\/juk.hmkw.de\/nudeln-und-klopapier\/#\/schema\/logo\/image\/"}}]}},"_links":{"self":[{"href":"https:\/\/juk.hmkw.de\/nudeln-und-klopapier\/wp-json\/wp\/v2\/pages\/300"}],"collection":[{"href":"https:\/\/juk.hmkw.de\/nudeln-und-klopapier\/wp-json\/wp\/v2\/pages"}],"about":[{"href":"https:\/\/juk.hmkw.de\/nudeln-und-klopapier\/wp-json\/wp\/v2\/types\/page"}],"author":[{"embeddable":true,"href":"https:\/\/juk.hmkw.de\/nudeln-und-klopapier\/wp-json\/wp\/v2\/users\/3"}],"replies":[{"embeddable":true,"href":"https:\/\/juk.hmkw.de\/nudeln-und-klopapier\/wp-json\/wp\/v2\/comments?post=300"}],"version-history":[{"count":0,"href":"https:\/\/juk.hmkw.de\/nudeln-und-klopapier\/wp-json\/wp\/v2\/pages\/300\/revisions"}],"wp:featuredmedia":[{"embeddable":true,"href":"https:\/\/juk.hmkw.de\/nudeln-und-klopapier\/wp-json\/wp\/v2\/media\/378"}],"wp:attachment":[{"href":"https:\/\/juk.hmkw.de\/nudeln-und-klopapier\/wp-json\/wp\/v2\/media?parent=300"}],"curies":[{"name":"wp","href":"https:\/\/api.w.org\/{rel}","templated":true}]}}